{"id":788,"date":"2022-10-25T11:17:18","date_gmt":"2022-10-25T09:17:18","guid":{"rendered":"https:\/\/www.lapenedes.cat\/bar-restaurante\/"},"modified":"2024-09-30T10:46:45","modified_gmt":"2024-09-30T08:46:45","slug":"bar-restaurante","status":"publish","type":"page","link":"https:\/\/www.lapenedes.cat\/es\/","title":{"rendered":"Bar restaurante"},"content":{"rendered":"<p>[et_pb_section fb_built=\u00bb1&#8243; _builder_version=\u00bb4.17.6&#8243; _module_preset=\u00bbdefault\u00bb custom_padding=\u00bb||0px||false|false\u00bb global_colors_info=\u00bb{}\u00bb][et_pb_row column_structure=\u00bb3_5,2_5&#8243; module_class=\u00bbgrid-cap\u00e7alera\u00bb _builder_version=\u00bb4.17.6&#8243; _module_preset=\u00bbdefault\u00bb custom_css_main_element=\u00bbalign-items:center;\u00bb global_colors_info=\u00bb{}\u00bb][et_pb_column type=\u00bb3_5&#8243; _builder_version=\u00bb4.17.6&#8243; _module_preset=\u00bbdefault\u00bb global_colors_info=\u00bb{}\u00bb][et_pb_image src=\u00bbhttps:\/\/www.lapenedes.cat\/wp-content\/uploads\/2022\/08\/amanida-la-penedes.png\u00bb alt=\u00bbPlato de ensalada de la carta de la cafeter\u00eda La Pened\u00e8s.\u00bb title_text=\u00bblechuga-la-penedes\u00bb _builder_version=\u00bb4.17.6&#8243; _module_preset=\u00bbdefault\u00bb global_colors_info=\u00bb{}\u00bb][\/et_pb_image][\/et_pb_column][et_pb_column type=\u00bb2_5&#8243; _builder_version=\u00bb4.17.6&#8243; _module_preset=\u00bbdefault\u00bb global_colors_info=\u00bb{}\u00bb][et_pb_image src=\u00bbhttps:\/\/www.lapenedes.cat\/wp-content\/uploads\/2022\/08\/logo-cafeteria-restaurant-la-penedes.png\u00bb title_text=\u00bblogo-cafeter\u00eda-restaur\u00e1nte-la-penedes\u00bb _builder_version=\u00bb4.17.6&#8243; _module_preset=\u00bbdefault\u00bb max_width=\u00bb150px\u00bb global_colors_info=\u00bb{}\u00bb][\/et_pb_image][et_pb_text admin_label=\u00bbCafeteria restaurant la pened\u00e8s\u00bb _builder_version=\u00bb4.17.6&#8243; _module_preset=\u00bbdefault\u00bb header_text_align=\u00bbleft\u00bb header_font_size_phone=\u00bb62px\u00bb global_colors_info=\u00bb{}\u00bb]<\/p>\n<h1>Cafeter\u00eda<br \/>Restaurante<br \/><span style=\"white-space: nowrap;\">La Pened\u00e8s<\/span><\/h1>\n<p>[\/et_pb_text][\/et_pb_column][\/et_pb_row][\/et_pb_section][et_pb_section fb_built=\u00bb1&#8243; _builder_version=\u00bb4.17.6&#8243; _module_preset=\u00bbdefault\u00bb background_blend=\u00bbsoft-light\u00bb global_colors_info=\u00bb{}\u00bb][et_pb_row _builder_version=\u00bb4.17.6&#8243; _module_preset=\u00bb4b75eb98-c175-400c-a32c-168053a70cc8&#8243; global_colors_info=\u00bb{}\u00bb][et_pb_column type=\u00bb4_4&#8243; _builder_version=\u00bb4.17.6&#8243; _module_preset=\u00bbdefault\u00bb global_colors_info=\u00bb{}\u00bb][et_pb_cta title=\u00bbPunto de encuentro desde el a\u00f1o 1991&#8243; button_url=\u00bbhttps:\/\/www.lapenedes.cat\/es\/contacto\/\u00bb button_text=\u00bbCont\u00e1ctanos\u00bb _builder_version=\u00bb4.17.6&#8243; _module_preset=\u00bb_initial\u00bb text_orientation_tablet=\u00bb\u00bb text_orientation_phone=\u00bbleft\u00bb text_orientation_last_edited=\u00bbon|phone\u00bb global_colors_info=\u00bb{}\u00bb]<\/p>\n<p>Nuestros clientes han disfrutado de nuestros desayunos y almuerzos desde el a\u00f1o 1991.<br \/>Nuestro equipo se esmera cada d\u00eda para prepararle recetas caseras y de proximidad. Desayunos de tenedor y brasa, bocadillos r\u00fasticos y de pay\u00e9s, tapas, ensaladas, pasta, carnes y pescados.<\/p>\n<p><strong>Haga su reserva de grupo tanto para desayunos como celebraciones para comer.<\/strong><\/p>\n<p>[\/et_pb_cta][\/et_pb_column][\/et_pb_row][\/et_pb_section][et_pb_section fb_built=\u00bb1&#8243; disabled_on=\u00bbon|on|on\u00bb _builder_version=\u00bb4.17.6&#8243; _module_preset=\u00bbdefault\u00bb custom_padding=\u00bb0px|||||\u00bb disabled=\u00bbon\u00bb global_colors_info=\u00bb{}\u00bb][et_pb_row column_structure=\u00bb1_2,1_2&#8243; _builder_version=\u00bb4.17.6&#8243; _module_preset=\u00bbdefault\u00bb custom_css_main_element=\u00bbalign-items:Center\u00bb global_colors_info=\u00bb{}\u00bb][et_pb_column type=\u00bb1_2&#8243; _builder_version=\u00bb4.17.6&#8243; _module_preset=\u00bbdefault\u00bb global_colors_info=\u00bb{}\u00bb][et_pb_button button_url=\u00bbhttps:\/\/www.lapenedes.cat\/es\/carta\/#gurmet\u00bb button_text=\u00bbgourmet r\u00fasticos y campesinos\u00bb admin_label=\u00bbBot\u00f3 entrepans, r\u00fastics, pagesos..\u00bb _builder_version=\u00bb4.17.6&#8243; _module_preset=\u00bbe31ef9ce-48ed-4221-a1d0-ba2713b4c17f\u00bb global_colors_info=\u00bb{}\u00bb][\/et_pb_button][et_pb_button button_url=\u00bbhttps:\/\/www.lapenedes.cat\/es\/carta\/#brasa\u00bb button_text=\u00bbbrasa y burguers\u00bb admin_label=\u00bbBot\u00f3 tapes, brasa i forquilla\u00bb _builder_version=\u00bb4.17.6&#8243; _module_preset=\u00bbe31ef9ce-48ed-4221-a1d0-ba2713b4c17f\u00bb global_colors_info=\u00bb{}\u00bb][\/et_pb_button][et_pb_button button_url=\u00bbhttps:\/\/www.lapenedes.cat\/es\/carta\/#cuinats\u00bb button_text=\u00bbNuestros platos\u00bb admin_label=\u00bbBot\u00f3 els nostres plats\u00bb _builder_version=\u00bb4.17.6&#8243; _module_preset=\u00bbe31ef9ce-48ed-4221-a1d0-ba2713b4c17f\u00bb global_colors_info=\u00bb{}\u00bb][\/et_pb_button][et_pb_button button_url=\u00bbhttps:\/\/www.lapenedes.cat\/es\/carta\/#vermut\u00bb button_text=\u00bbVen a hacer el vermut\u00bb admin_label=\u00bbBot\u00f3 vine a fer el vermut\u00bb _builder_version=\u00bb4.17.6&#8243; _module_preset=\u00bbe31ef9ce-48ed-4221-a1d0-ba2713b4c17f\u00bb global_colors_info=\u00bb{}\u00bb][\/et_pb_button][et_pb_button button_url=\u00bbhttps:\/\/www.lapenedes.cat\/es\/menu-de-hoy\/#menu\u00bb button_text=\u00bbMen\u00fa de hoy\u00bb admin_label=\u00bbBot\u00f3 men\u00fa d&#8217;avui\u00bb _builder_version=\u00bb4.17.6&#8243; _module_preset=\u00bbe31ef9ce-48ed-4221-a1d0-ba2713b4c17f\u00bb global_colors_info=\u00bb{}\u00bb][\/et_pb_button][et_pb_button button_url=\u00bbhttps:\/\/www.lapenedes.cat\/es\/grupos\/#grups\u00bb button_text=\u00bbReservas para grupos\u00bb admin_label=\u00bbBot\u00f3 reserves per grups\u00bb _builder_version=\u00bb4.17.6&#8243; _module_preset=\u00bbe31ef9ce-48ed-4221-a1d0-ba2713b4c17f\u00bb global_colors_info=\u00bb{}\u00bb][\/et_pb_button][\/et_pb_column][et_pb_column type=\u00bb1_2&#8243; _builder_version=\u00bb4.17.6&#8243; _module_preset=\u00bbdefault\u00bb global_colors_info=\u00bb{}\u00bb][et_pb_image src=\u00bbhttps:\/\/www.lapenedes.cat\/wp-content\/uploads\/2022\/08\/entrepans-bar-restaurant-cafeteria-la-penedes.png\u00bb title_text=\u00bbbocadillos-bar-restaurante-cafeter\u00eda-la-penedes\u00bb _builder_version=\u00bb4.17.6&#8243; _module_preset=\u00bbdefault\u00bb custom_margin=\u00bb||||false|false\u00bb global_colors_info=\u00bb{}\u00bb][\/et_pb_image][\/et_pb_column][\/et_pb_row][\/et_pb_section][et_pb_section fb_built=\u00bb1&#8243; disabled_on=\u00bboff|off|off\u00bb _builder_version=\u00bb4.17.6&#8243; _module_preset=\u00bbdefault\u00bb background_color_gradient_stops=\u00bbrgba(91,69,59,0.35) 0%|rgba(91,69,59,0.35) 100%\u00bb background_color_gradient_overlays_image=\u00bbon\u00bb background_image=\u00bbhttps:\/\/www.lapenedes.cat\/wp-content\/uploads\/2022\/08\/5.jpg\u00bb parallax=\u00bbon\u00bb parallax_method=\u00bboff\u00bb global_colors_info=\u00bb{}\u00bb][et_pb_row column_structure=\u00bb1_2,1_2&#8243; disabled_on=\u00bboff|off|off\u00bb _builder_version=\u00bb4.17.6&#8243; _module_preset=\u00bbdefault\u00bb global_colors_info=\u00bb{}\u00bb][et_pb_column type=\u00bb1_2&#8243; _builder_version=\u00bb4.17.6&#8243; _module_preset=\u00bbdefault\u00bb global_colors_info=\u00bb{}\u00bb][et_pb_button button_url=\u00bbhttps:\/\/www.lapenedes.cat\/es\/carta\/#vermut\u00bb button_text=\u00bbVermut y tapas\u00bb admin_label=\u00bbBot\u00f3 vine a fer el vermut\u00bb _builder_version=\u00bb4.27.0&#8243; _module_preset=\u00bbe31ef9ce-48ed-4221-a1d0-ba2713b4c17f\u00bb hover_enabled=\u00bb0&#8243; global_colors_info=\u00bb{}\u00bb sticky_enabled=\u00bb0&#8243;][\/et_pb_button][et_pb_button button_url=\u00bbhttps:\/\/www.lapenedes.cat\/es\/carta\/#forquilla\u00bb button_text=\u00bbTenedor y brasa\u00bb admin_label=\u00bbBot\u00f3 els nostres plats\u00bb _builder_version=\u00bb4.27.0&#8243; _module_preset=\u00bbe31ef9ce-48ed-4221-a1d0-ba2713b4c17f\u00bb hover_enabled=\u00bb0&#8243; global_colors_info=\u00bb{}\u00bb sticky_enabled=\u00bb0&#8243;][\/et_pb_button][et_pb_button button_url=\u00bbhttps:\/\/www.lapenedes.cat\/es\/carta\/#carta\u00bb button_text=\u00bbCarta y cocinados\u00bb admin_label=\u00bbBot\u00f3 tapes, brasa i forquilla\u00bb _builder_version=\u00bb4.27.0&#8243; _module_preset=\u00bbe31ef9ce-48ed-4221-a1d0-ba2713b4c17f\u00bb hover_enabled=\u00bb0&#8243; global_colors_info=\u00bb{}\u00bb sticky_enabled=\u00bb0&#8243;][\/et_pb_button][et_pb_button button_url=\u00bbhttps:\/\/www.lapenedes.cat\/es\/carta\/#entrepans\u00bb button_text=\u00bbBocadillos\u00bb admin_label=\u00bbBot\u00f3 entrepans, r\u00fastics, pagesos..\u00bb _builder_version=\u00bb4.27.0&#8243; _module_preset=\u00bbe31ef9ce-48ed-4221-a1d0-ba2713b4c17f\u00bb hover_enabled=\u00bb0&#8243; global_colors_info=\u00bb{}\u00bb sticky_enabled=\u00bb0&#8243;][\/et_pb_button][et_pb_button button_url=\u00bbhttps:\/\/www.lapenedes.cat\/es\/carta\/#postres\u00bb button_text=\u00bbPostre\u00bb admin_label=\u00bbBot\u00f3 men\u00fa d&#8217;avui\u00bb _builder_version=\u00bb4.27.0&#8243; _module_preset=\u00bbe31ef9ce-48ed-4221-a1d0-ba2713b4c17f\u00bb hover_enabled=\u00bb0&#8243; global_colors_info=\u00bb{}\u00bb sticky_enabled=\u00bb0&#8243;][\/et_pb_button][et_pb_button button_url=\u00bbhttps:\/\/www.lapenedes.cat\/es\/carta\/#begudes\u00bb button_text=\u00bbBebidas\u00bb admin_label=\u00bbBot\u00f3 reserves per grups\u00bb _builder_version=\u00bb4.27.0&#8243; _module_preset=\u00bbe31ef9ce-48ed-4221-a1d0-ba2713b4c17f\u00bb hover_enabled=\u00bb0&#8243; global_colors_info=\u00bb{}\u00bb sticky_enabled=\u00bb0&#8243;][\/et_pb_button][\/et_pb_column][et_pb_column type=\u00bb1_2&#8243; _builder_version=\u00bb4.17.6&#8243; _module_preset=\u00bbdefault\u00bb global_colors_info=\u00bb{}\u00bb][\/et_pb_column][\/et_pb_row][\/et_pb_section][et_pb_section fb_built=\u00bb1&#8243; _builder_version=\u00bb4.17.6&#8243; _module_preset=\u00bbdefault\u00bb global_colors_info=\u00bb{}\u00bb][et_pb_row _builder_version=\u00bb4.17.6&#8243; _module_preset=\u00bb4b75eb98-c175-400c-a32c-168053a70cc8&#8243; locked=\u00bboff\u00bb global_colors_info=\u00bb{}\u00bb][et_pb_column type=\u00bb4_4&#8243; _builder_version=\u00bb4.17.6&#8243; _module_preset=\u00bbdefault\u00bb global_colors_info=\u00bb{}\u00bb][et_pb_cta title=\u00bbEscogemos por la calidad y la proximidad\u00bb button_url=\u00bbhttps:\/\/www.lapenedes.cat\/es\/carta\/\u00bb button_text=\u00bbDescubre nuestra carta\u00bb _builder_version=\u00bb4.17.6&#8243; _module_preset=\u00bbdefault\u00bb custom_button=\u00bbon\u00bb text_orientation=\u00bbleft\u00bb button_text_size_tablet=\u00bb\u00bb button_text_size_phone=\u00bb15px\u00bb button_text_size_last_edited=\u00bbon|phone\u00bb global_colors_info=\u00bb{}\u00bb]<\/p>\n<ul>\n<li>Los panes r\u00fastico y de pay\u00e9s son elaborados con masa madre por un panadero de proximidad.<\/li>\n<li>Los huevos son de gallinas de corral de La M\u00fania con c\u00f3digo de crianza n.1.<\/li>\n<li>El cordero y la ternera tienen la certificaci\u00f3n de procedencia de Catalu\u00f1a.<\/li>\n<li>La carne de ternera de las hamburguesas es del norte de Catalu\u00f1a.<\/li>\n<li>Disponemos de jam\u00f3n ib\u00e9rico de bellota de Guijuelo y jam\u00f3n de bodega con premio de calidad.<\/li>\n<li>Las morcillas, las salchichas y la sobrasada de Pontons son de elaboraci\u00f3n natural, sin conservantes.<\/li>\n<\/ul>\n<p>[\/et_pb_cta][\/et_pb_column][\/et_pb_row][\/et_pb_section][et_pb_section fb_built=\u00bb1&#8243; _builder_version=\u00bb4.17.6&#8243; _module_preset=\u00bbdefault\u00bb global_colors_info=\u00bb{}\u00bb][et_pb_row _builder_version=\u00bb4.17.6&#8243; _module_preset=\u00bbdefault\u00bb global_colors_info=\u00bb{}\u00bb][et_pb_column type=\u00bb4_4&#8243; _builder_version=\u00bb4.17.6&#8243; _module_preset=\u00bbdefault\u00bb global_colors_info=\u00bb{}\u00bb][et_pb_text admin_label=\u00bbqu\u00e8 diuen de nosaltres\u00bb _builder_version=\u00bb4.17.6&#8243; _module_preset=\u00bbdefault\u00bb global_colors_info=\u00bb{}\u00bb]<\/p>\n<h2>Qu\u00e9 dicen de nosotros<\/h2>\n<p>[\/et_pb_text][et_pb_code _builder_version=\u00bb4.17.6&#8243; _module_preset=\u00bbdefault\u00bb global_colors_info=\u00bb{}\u00bb]<style>#wprev-slider-1 .wprev_preview_bradius_T1 {border-radius: 15px;}#wprev-slider-1 .wprev_preview_bg1_T1 {background:#fffaeb;}#wprev-slider-1 .wprev_preview_tcolor1_T1 {color:#333333;}#wprev-slider-1 .wprev_preview_tcolor2_T1 {color:#fffaeb;}#wprev-slider-1 .wprev_preview_bg1_T1::after{ border-top: 30px solid #fffaeb; }<\/style><style><\/style><div class=\"wprev-no-slider revnotsameheight\" id=\"wprev-slider-1\">\t\t<div class=\"wprevpro_t1_outer_div w3_wprs-row-padding\">\r\n\t\t\t\t<div class=\"wprevpro_t1_DIV_1 w3_wprs-col l4\">\r\n\t\t\t<div class=\"indrevdiv wprevpro_t1_DIV_2 wprev_preview_bg1_T1 wprev_preview_tcolor1_T1 wprev_preview_bradius_T1\">\r\n\t\t\t\t<p class=\"wprevpro_t1_P_3 wprev_preview_tcolor1_T1\">\r\n\t\t\t\t\t<span class=\"wprevpro_star_imgs_T1\"><span class=\"starloc1 wprevpro_star_imgs wprevpro_star_imgsloc1\"><span class=\"svgicons svg-wprsp-star\"><\/span><span class=\"svgicons svg-wprsp-star\"><\/span><span class=\"svgicons svg-wprsp-star\"><\/span><span class=\"svgicons svg-wprsp-star\"><\/span><span class=\"svgicons svg-wprsp-star-o\"><\/span><\/span><\/span>Recomendable, variedad en el men\u00fa, y bocadillos diferentes.\t\t\t\t<\/p>\r\n\t\t\t\t\t\t\t\t<a href=\"https:\/\/search.google.com\/local\/reviews?placeid=ChIJ3bvQ2Sd6pBIRo_ukZ28PnVE\" target=\"_blank\" rel=\"nofollow noreferrer noopener\" class=\"wprevpro_t1_site_logo_a\"><img decoding=\"async\" src=\"https:\/\/www.lapenedes.cat\/wp-content\/plugins\/wp-google-places-review-slider\/public\/partials\/imgs\/google_small_icon.png\" alt=\"Google Logo\" class=\"wprevpro_t1_site_logo siteicon sitetype_Google\"><\/a>\t\t\t<\/div><span class=\"wprevpro_t1_A_8\"><img decoding=\"async\" src=\"https:\/\/lh3.googleusercontent.com\/a-\/ACNPEu-TDQr6n5cZQhB71dfLInb21HuDNzSzB72cz2Asb3k=s40-c-c0x00000000-cc-rp-mo-ba3-br100\" alt=\"Diego Gonzalez Avatar\" class=\"wprevpro_t1_IMG_4\" loading=\"lazy\" \/><\/span> <span class=\"wprevpro_t1_SPAN_5 wprev_preview_tcolor2_T1\">Diego Gonzalez<br\/><span class=\"wprev_showdate_T1\"><\/span> <\/span>\r\n\t\t<\/div>\r\n\t\t\t<div class=\"wprevpro_t1_DIV_1 w3_wprs-col l4\">\r\n\t\t\t<div class=\"indrevdiv wprevpro_t1_DIV_2 wprev_preview_bg1_T1 wprev_preview_tcolor1_T1 wprev_preview_bradius_T1\">\r\n\t\t\t\t<p class=\"wprevpro_t1_P_3 wprev_preview_tcolor1_T1\">\r\n\t\t\t\t\t<span class=\"wprevpro_star_imgs_T1\"><span class=\"starloc1 wprevpro_star_imgs wprevpro_star_imgsloc1\"><span class=\"svgicons svg-wprsp-star\"><\/span><span class=\"svgicons svg-wprsp-star\"><\/span><span class=\"svgicons svg-wprsp-star\"><\/span><span class=\"svgicons svg-wprsp-star\"><\/span><span class=\"svgicons svg-wprsp-star\"><\/span><\/span><\/span>Relaci\u00f3n precio-calidad muy buena, la hamburguesa vegana ten\u00eda queso igualmente ???? soy vegetariana pero est\u00e1 bueno saberlo. Riqu\u00edsimo!\t\t\t\t<\/p>\r\n\t\t\t\t\t\t\t\t<a href=\"https:\/\/search.google.com\/local\/reviews?placeid=ChIJ3bvQ2Sd6pBIRo_ukZ28PnVE\" target=\"_blank\" rel=\"nofollow noreferrer noopener\" class=\"wprevpro_t1_site_logo_a\"><img decoding=\"async\" src=\"https:\/\/www.lapenedes.cat\/wp-content\/plugins\/wp-google-places-review-slider\/public\/partials\/imgs\/google_small_icon.png\" alt=\"Google Logo\" class=\"wprevpro_t1_site_logo siteicon sitetype_Google\"><\/a>\t\t\t<\/div><span class=\"wprevpro_t1_A_8\"><img decoding=\"async\" src=\"https:\/\/lh3.googleusercontent.com\/a-\/ACNPEu_68rSjBRHBZ2BUAe8Nxls_-3szd9nGac0E7yMtpV8=s40-c-c0x00000000-cc-rp-mo-br100\" alt=\"Carol Avatar\" class=\"wprevpro_t1_IMG_4\" loading=\"lazy\" \/><\/span> <span class=\"wprevpro_t1_SPAN_5 wprev_preview_tcolor2_T1\">Carol <br\/><span class=\"wprev_showdate_T1\"><\/span> <\/span>\r\n\t\t<\/div>\r\n\t\t\t<div class=\"wprevpro_t1_DIV_1 w3_wprs-col l4\">\r\n\t\t\t<div class=\"indrevdiv wprevpro_t1_DIV_2 wprev_preview_bg1_T1 wprev_preview_tcolor1_T1 wprev_preview_bradius_T1\">\r\n\t\t\t\t<p class=\"wprevpro_t1_P_3 wprev_preview_tcolor1_T1\">\r\n\t\t\t\t\t<span class=\"wprevpro_star_imgs_T1\"><span class=\"starloc1 wprevpro_star_imgs wprevpro_star_imgsloc1\"><span class=\"svgicons svg-wprsp-star\"><\/span><span class=\"svgicons svg-wprsp-star\"><\/span><span class=\"svgicons svg-wprsp-star\"><\/span><span class=\"svgicons svg-wprsp-star\"><\/span><span class=\"svgicons svg-wprsp-star\"><\/span><\/span><\/span>Bocadillo muy bueno , sobretodo el queso de cabra , con pan sin gluten y  muy buena atenci\u00f3n\t\t\t\t<\/p>\r\n\t\t\t\t\t\t\t\t<a href=\"https:\/\/search.google.com\/local\/reviews?placeid=ChIJ3bvQ2Sd6pBIRo_ukZ28PnVE\" target=\"_blank\" rel=\"nofollow noreferrer noopener\" class=\"wprevpro_t1_site_logo_a\"><img decoding=\"async\" src=\"https:\/\/www.lapenedes.cat\/wp-content\/plugins\/wp-google-places-review-slider\/public\/partials\/imgs\/google_small_icon.png\" alt=\"Google Logo\" class=\"wprevpro_t1_site_logo siteicon sitetype_Google\"><\/a>\t\t\t<\/div><span class=\"wprevpro_t1_A_8\"><img decoding=\"async\" src=\"https:\/\/lh3.googleusercontent.com\/a\/ALm5wu1fOyJ1sNkNdEbr-bTHcGL9DgQfuHh_kvP2KjNZ=s40-c-c0x00000000-cc-rp-mo-br100\" alt=\"Loly Rubio Huertas Avatar\" class=\"wprevpro_t1_IMG_4\" loading=\"lazy\" \/><\/span> <span class=\"wprevpro_t1_SPAN_5 wprev_preview_tcolor2_T1\">Loly Rubio<br\/><span class=\"wprev_showdate_T1\"><\/span> <\/span>\r\n\t\t<\/div>\r\n\t\t<\/div>\r\n<\/div>\r\n[\/et_pb_code][et_pb_button button_url=\u00bbhttps:\/\/g.page\/r\/CaP7pGdvD51REAI\/review\u00bb url_new_window=\u00bbon\u00bb button_text=\u00bbA\u00f1ade tu rese\u00f1a\u00bb button_alignment=\u00bbcenter\u00bb _builder_version=\u00bb4.17.6&#8243; _module_preset=\u00bbdefault\u00bb custom_margin=\u00bb-11px||0px||false|false\u00bb custom_padding=\u00bb||||false|false\u00bb global_colors_info=\u00bb{}\u00bb][\/et_pb_button][\/et_pb_column][\/et_pb_row][\/et_pb_section][et_pb_section fb_built=\u00bb1&#8243; _builder_version=\u00bb4.17.6&#8243; _module_preset=\u00bbdefault\u00bb global_colors_info=\u00bb{}\u00bb][et_pb_row _builder_version=\u00bb4.17.6&#8243; _module_preset=\u00bbdefault\u00bb global_colors_info=\u00bb{}\u00bb][et_pb_column type=\u00bb4_4&#8243; _builder_version=\u00bb4.17.6&#8243; _module_preset=\u00bb3396134b-6301-4f55-bf42-839f67fa9116&#8243; custom_padding=\u00bb5px|25px|25px|25px|false|true\u00bb global_colors_info=\u00bb{}\u00bb][et_pb_text admin_label=\u00bbgaleria\u00bb module_class=\u00bbinstagram\u00bb _builder_version=\u00bb4.17.6&#8243; _module_preset=\u00bbdefault\u00bb background_layout=\u00bblight\u00bb custom_padding=\u00bb10px||0px||false|false\u00bb header_text_shadow_style=\u00bbnone\u00bb global_colors_info=\u00bb{}\u00bb]<\/p>\n\n<div id=\"sb_instagram\"  class=\"sbi sbi_mob_col_3 sbi_tab_col_3 sbi_col_5 sbi_width_resp\" style=\"padding-bottom: 10px;\" data-feedid=\"*2\"  data-res=\"auto\" data-cols=\"5\" data-colsmobile=\"3\" data-colstablet=\"3\" data-num=\"5\" data-nummobile=\"3\" data-item-padding=\"5\" data-shortcode-atts=\"{&quot;feed&quot;:&quot;2&quot;,&quot;cachetime&quot;:30}\"  data-postid=\"788\" data-locatornonce=\"dea3ba9d0f\" data-sbi-flags=\"favorLocal,gdpr\">\n\t<div class=\"sb_instagram_header  sbi_medium\"   >\n\t<a class=\"sbi_header_link\" target=\"_blank\" rel=\"nofollow noopener\" href=\"https:\/\/www.instagram.com\/lapenedes\/\" title=\"@lapenedes\">\n\t\t<div class=\"sbi_header_text\">\n\t\t\t<div class=\"sbi_header_img\"  data-avatar-url=\"https:\/\/scontent-cdg4-2.cdninstagram.com\/v\/t51.2885-19\/99004129_267052814663428_3114231188047265792_n.jpg?stp=dst-jpg_s206x206_tt6&amp;_nc_cat=101&amp;ccb=7-5&amp;_nc_sid=bf7eb4&amp;efg=eyJ2ZW5jb2RlX3RhZyI6InByb2ZpbGVfcGljLnd3dy4xMDgwLkMzIn0%3D&amp;_nc_ohc=QI5k83B0Uu0Q7kNvwFPPbOr&amp;_nc_oc=AdpqnZ4oqAV-KzdMx2V8QbItThF-gaV_TjW_OIvlNjJEEfYGCW7bJCAJbRPvoOA7OWc&amp;_nc_zt=24&amp;_nc_ht=scontent-cdg4-2.cdninstagram.com&amp;edm=AP4hL3IEAAAA&amp;_nc_tpa=Q5bMBQLwq78WLMnrmxzKOPGndsoSA23v5Cr0GuRBrcXcAA6BnXxcyPAxPWWGqu_sbJQdSJkxNzvOb6Nh7w&amp;oh=00_AQIifK6YAKuSvLGkKT2npBp_ioYqJmtEITfzc5_EKkY0ww&amp;oe=6A9BF31E\">\n\t\t\t\t\t\t\t\t\t<div class=\"sbi_header_img_hover\"  ><svg class=\"sbi_new_logo fa-instagram fa-w-14\" aria-hidden=\"true\" data-fa-processed=\"\" aria-label=\"Instagram\" data-prefix=\"fab\" data-icon=\"instagram\" role=\"img\" viewBox=\"0 0 448 512\">\n\t                <path fill=\"currentColor\" d=\"M224.1 141c-63.6 0-114.9 51.3-114.9 114.9s51.3 114.9 114.9 114.9S339 319.5 339 255.9 287.7 141 224.1 141zm0 189.6c-41.1 0-74.7-33.5-74.7-74.7s33.5-74.7 74.7-74.7 74.7 33.5 74.7 74.7-33.6 74.7-74.7 74.7zm146.4-194.3c0 14.9-12 26.8-26.8 26.8-14.9 0-26.8-12-26.8-26.8s12-26.8 26.8-26.8 26.8 12 26.8 26.8zm76.1 27.2c-1.7-35.9-9.9-67.7-36.2-93.9-26.2-26.2-58-34.4-93.9-36.2-37-2.1-147.9-2.1-184.9 0-35.8 1.7-67.6 9.9-93.9 36.1s-34.4 58-36.2 93.9c-2.1 37-2.1 147.9 0 184.9 1.7 35.9 9.9 67.7 36.2 93.9s58 34.4 93.9 36.2c37 2.1 147.9 2.1 184.9 0 35.9-1.7 67.7-9.9 93.9-36.2 26.2-26.2 34.4-58 36.2-93.9 2.1-37 2.1-147.8 0-184.8zM398.8 388c-7.8 19.6-22.9 34.7-42.6 42.6-29.5 11.7-99.5 9-132.1 9s-102.7 2.6-132.1-9c-19.6-7.8-34.7-22.9-42.6-42.6-11.7-29.5-9-99.5-9-132.1s-2.6-102.7 9-132.1c7.8-19.6 22.9-34.7 42.6-42.6 29.5-11.7 99.5-9 132.1-9s102.7-2.6 132.1 9c19.6 7.8 34.7 22.9 42.6 42.6 11.7 29.5 9 99.5 9 132.1s2.7 102.7-9 132.1z\"><\/path>\n\t            <\/svg><\/div>\n\t\t\t\t\t<img decoding=\"async\"  src=\"https:\/\/www.lapenedes.cat\/wp-content\/uploads\/2022\/08\/logo-cafeteria-restaurant-la-penedes.png\" alt=\"La Penede\u0300s\" width=\"50\" height=\"50\">\n\t\t\t\t\t\t\t\t\t\t\t<\/div>\n\n\t\t\t<div class=\"sbi_feedtheme_header_text\">\n\t\t\t\t<h3>lapenedes<\/h3>\n\t\t\t\t\t\t\t\t\t<p class=\"sbi_bio\">CAFETERIA RESTAURANT<br>\n\ud83e\udd50 esmorzars <br>\n\ud83e\udd56 entrepans <br>\n\ud83e\udd57 men\u00fa del dia <br>\n\ud83c\udf5d pasta <br>\n\ud83e\udd69 carns a la brasa<br>\n\ud83e\udd58 arrossos<br>\n\ud83c\udf54 hamburgueses <br>\n\u2615\ufe0f caf\u00e8 Novell<\/p>\n\t\t\t\t\t\t\t<\/div>\n\t\t<\/div>\n\t<\/a>\n<\/div>\n\n    <div id=\"sbi_images\"  style=\"gap: 10px;\">\n\t\t<div class=\"sbi_item sbi_type_image sbi_new sbi_transition\" id=\"sbi_17949088488031495\" data-date=\"1785970558\">\n    <div class=\"sbi_photo_wrap\">\n        <a class=\"sbi_photo\" href=\"https:\/\/www.instagram.com\/p\/DbrQvJvMZ_H\/\" target=\"_blank\" rel=\"noopener nofollow\" data-full-res=\"https:\/\/scontent-cdg4-1.cdninstagram.com\/v\/t51.82787-15\/765158095_18099355625203112_8464240423210473501_n.webp?stp=dst-jpg_e35_tt6&#038;_nc_cat=111&#038;ccb=7-5&#038;_nc_sid=18de74&#038;efg=eyJlZmdfdGFnIjoiRkVFRC5iZXN0X2ltYWdlX3VybGdlbi5DMyJ9&#038;_nc_ohc=jbtK40QWskIQ7kNvwHd46RT&#038;_nc_oc=Adpj4RSoGjeMwICxv0s4Lz2qRHc9ws6EwBv4NUWVgYKD_FJQtgXJlz8hxhwyS_Okmsg&#038;_nc_zt=23&#038;_nc_ht=scontent-cdg4-1.cdninstagram.com&#038;edm=ANo9K5cEAAAA&#038;_nc_gid=laMo7JY-ljpeAefJVtD9Bg&#038;_nc_tpa=Q5bMBQLxRkeBzkoCTCcAy0USkzzVtVnwRtBaR1Rll5Cibxnl_dRszT9is_LZgKbLPKqSy_51vSOcQdEo1Q&#038;oh=00_AQKQ2L0ihLTOwXcmF5EW8wGB9BrNFTOP_4O1zEnZl6zdoA&#038;oe=6A9BE8FC\" data-img-src-set=\"{&quot;d&quot;:&quot;https:\\\/\\\/scontent-cdg4-1.cdninstagram.com\\\/v\\\/t51.82787-15\\\/765158095_18099355625203112_8464240423210473501_n.webp?stp=dst-jpg_e35_tt6&amp;_nc_cat=111&amp;ccb=7-5&amp;_nc_sid=18de74&amp;efg=eyJlZmdfdGFnIjoiRkVFRC5iZXN0X2ltYWdlX3VybGdlbi5DMyJ9&amp;_nc_ohc=jbtK40QWskIQ7kNvwHd46RT&amp;_nc_oc=Adpj4RSoGjeMwICxv0s4Lz2qRHc9ws6EwBv4NUWVgYKD_FJQtgXJlz8hxhwyS_Okmsg&amp;_nc_zt=23&amp;_nc_ht=scontent-cdg4-1.cdninstagram.com&amp;edm=ANo9K5cEAAAA&amp;_nc_gid=laMo7JY-ljpeAefJVtD9Bg&amp;_nc_tpa=Q5bMBQLxRkeBzkoCTCcAy0USkzzVtVnwRtBaR1Rll5Cibxnl_dRszT9is_LZgKbLPKqSy_51vSOcQdEo1Q&amp;oh=00_AQKQ2L0ihLTOwXcmF5EW8wGB9BrNFTOP_4O1zEnZl6zdoA&amp;oe=6A9BE8FC&quot;,&quot;150&quot;:&quot;https:\\\/\\\/scontent-cdg4-1.cdninstagram.com\\\/v\\\/t51.82787-15\\\/765158095_18099355625203112_8464240423210473501_n.webp?stp=dst-jpg_e35_tt6&amp;_nc_cat=111&amp;ccb=7-5&amp;_nc_sid=18de74&amp;efg=eyJlZmdfdGFnIjoiRkVFRC5iZXN0X2ltYWdlX3VybGdlbi5DMyJ9&amp;_nc_ohc=jbtK40QWskIQ7kNvwHd46RT&amp;_nc_oc=Adpj4RSoGjeMwICxv0s4Lz2qRHc9ws6EwBv4NUWVgYKD_FJQtgXJlz8hxhwyS_Okmsg&amp;_nc_zt=23&amp;_nc_ht=scontent-cdg4-1.cdninstagram.com&amp;edm=ANo9K5cEAAAA&amp;_nc_gid=laMo7JY-ljpeAefJVtD9Bg&amp;_nc_tpa=Q5bMBQLxRkeBzkoCTCcAy0USkzzVtVnwRtBaR1Rll5Cibxnl_dRszT9is_LZgKbLPKqSy_51vSOcQdEo1Q&amp;oh=00_AQKQ2L0ihLTOwXcmF5EW8wGB9BrNFTOP_4O1zEnZl6zdoA&amp;oe=6A9BE8FC&quot;,&quot;320&quot;:&quot;https:\\\/\\\/scontent-cdg4-1.cdninstagram.com\\\/v\\\/t51.82787-15\\\/765158095_18099355625203112_8464240423210473501_n.webp?stp=dst-jpg_e35_tt6&amp;_nc_cat=111&amp;ccb=7-5&amp;_nc_sid=18de74&amp;efg=eyJlZmdfdGFnIjoiRkVFRC5iZXN0X2ltYWdlX3VybGdlbi5DMyJ9&amp;_nc_ohc=jbtK40QWskIQ7kNvwHd46RT&amp;_nc_oc=Adpj4RSoGjeMwICxv0s4Lz2qRHc9ws6EwBv4NUWVgYKD_FJQtgXJlz8hxhwyS_Okmsg&amp;_nc_zt=23&amp;_nc_ht=scontent-cdg4-1.cdninstagram.com&amp;edm=ANo9K5cEAAAA&amp;_nc_gid=laMo7JY-ljpeAefJVtD9Bg&amp;_nc_tpa=Q5bMBQLxRkeBzkoCTCcAy0USkzzVtVnwRtBaR1Rll5Cibxnl_dRszT9is_LZgKbLPKqSy_51vSOcQdEo1Q&amp;oh=00_AQKQ2L0ihLTOwXcmF5EW8wGB9BrNFTOP_4O1zEnZl6zdoA&amp;oe=6A9BE8FC&quot;,&quot;640&quot;:&quot;https:\\\/\\\/scontent-cdg4-1.cdninstagram.com\\\/v\\\/t51.82787-15\\\/765158095_18099355625203112_8464240423210473501_n.webp?stp=dst-jpg_e35_tt6&amp;_nc_cat=111&amp;ccb=7-5&amp;_nc_sid=18de74&amp;efg=eyJlZmdfdGFnIjoiRkVFRC5iZXN0X2ltYWdlX3VybGdlbi5DMyJ9&amp;_nc_ohc=jbtK40QWskIQ7kNvwHd46RT&amp;_nc_oc=Adpj4RSoGjeMwICxv0s4Lz2qRHc9ws6EwBv4NUWVgYKD_FJQtgXJlz8hxhwyS_Okmsg&amp;_nc_zt=23&amp;_nc_ht=scontent-cdg4-1.cdninstagram.com&amp;edm=ANo9K5cEAAAA&amp;_nc_gid=laMo7JY-ljpeAefJVtD9Bg&amp;_nc_tpa=Q5bMBQLxRkeBzkoCTCcAy0USkzzVtVnwRtBaR1Rll5Cibxnl_dRszT9is_LZgKbLPKqSy_51vSOcQdEo1Q&amp;oh=00_AQKQ2L0ihLTOwXcmF5EW8wGB9BrNFTOP_4O1zEnZl6zdoA&amp;oe=6A9BE8FC&quot;}\">\n            <span class=\"sbi-screenreader\">Delici\u00f3s!! El nostre bikini XL amb formatge gouda<\/span>\n            \t                    <img decoding=\"async\" src=\"https:\/\/www.lapenedes.cat\/wp-content\/plugins\/instagram-feed\/img\/placeholder.png\" alt=\"Delici\u00f3s!! El nostre bikini XL amb formatge gouda que es fon al paladar \ud83d\ude0b\ud83d\ude0b demana&#039;l per esmorzar!\nAcompanya&#039;l de suc de taronja natural i t&#039;encantar\u00e0 \ud83e\udd70\n#sucnatural #bikini #sandwichmixto #mixto #cafeteriapenedes\">\n        <\/a>\n    <\/div>\n<\/div><div class=\"sbi_item sbi_type_image sbi_new sbi_transition\" id=\"sbi_18035587298820245\" data-date=\"1785666476\">\n    <div class=\"sbi_photo_wrap\">\n        <a class=\"sbi_photo\" href=\"https:\/\/www.instagram.com\/p\/DbiMwEqjKy8\/\" target=\"_blank\" rel=\"noopener nofollow\" data-full-res=\"https:\/\/scontent-cdg4-2.cdninstagram.com\/v\/t51.82787-15\/761573813_18099002306203112_3556155175502165683_n.jpg?stp=dst-jpg_e35_tt6&#038;_nc_cat=109&#038;ccb=7-5&#038;_nc_sid=18de74&#038;efg=eyJlZmdfdGFnIjoiRkVFRC5iZXN0X2ltYWdlX3VybGdlbi5DMyJ9&#038;_nc_ohc=XnnWkCtV5CsQ7kNvwFP16gX&#038;_nc_oc=Adr0cS9N4wyjfWC9JdNiCMI89FRKuEiwfx7mnbwqY6pjnL74EPw9a0cDQ8Y3EamV2n4&#038;_nc_zt=23&#038;_nc_ht=scontent-cdg4-2.cdninstagram.com&#038;edm=ANo9K5cEAAAA&#038;_nc_gid=laMo7JY-ljpeAefJVtD9Bg&#038;_nc_tpa=Q5bMBQJGkkXMGZJ5jAGUZyhPVXWs68vNS9f5SapfqZptr4ywZw6HBjIp8xCuuRV3DWy-1RuJQb_MRP87Mw&#038;oh=00_AQLT0TEHtkahl4iGWbUvxlhe9FXS7IYtyTQZUHItjFZFUQ&#038;oe=6A9BF066\" data-img-src-set=\"{&quot;d&quot;:&quot;https:\\\/\\\/scontent-cdg4-2.cdninstagram.com\\\/v\\\/t51.82787-15\\\/761573813_18099002306203112_3556155175502165683_n.jpg?stp=dst-jpg_e35_tt6&amp;_nc_cat=109&amp;ccb=7-5&amp;_nc_sid=18de74&amp;efg=eyJlZmdfdGFnIjoiRkVFRC5iZXN0X2ltYWdlX3VybGdlbi5DMyJ9&amp;_nc_ohc=XnnWkCtV5CsQ7kNvwFP16gX&amp;_nc_oc=Adr0cS9N4wyjfWC9JdNiCMI89FRKuEiwfx7mnbwqY6pjnL74EPw9a0cDQ8Y3EamV2n4&amp;_nc_zt=23&amp;_nc_ht=scontent-cdg4-2.cdninstagram.com&amp;edm=ANo9K5cEAAAA&amp;_nc_gid=laMo7JY-ljpeAefJVtD9Bg&amp;_nc_tpa=Q5bMBQJGkkXMGZJ5jAGUZyhPVXWs68vNS9f5SapfqZptr4ywZw6HBjIp8xCuuRV3DWy-1RuJQb_MRP87Mw&amp;oh=00_AQLT0TEHtkahl4iGWbUvxlhe9FXS7IYtyTQZUHItjFZFUQ&amp;oe=6A9BF066&quot;,&quot;150&quot;:&quot;https:\\\/\\\/scontent-cdg4-2.cdninstagram.com\\\/v\\\/t51.82787-15\\\/761573813_18099002306203112_3556155175502165683_n.jpg?stp=dst-jpg_e35_tt6&amp;_nc_cat=109&amp;ccb=7-5&amp;_nc_sid=18de74&amp;efg=eyJlZmdfdGFnIjoiRkVFRC5iZXN0X2ltYWdlX3VybGdlbi5DMyJ9&amp;_nc_ohc=XnnWkCtV5CsQ7kNvwFP16gX&amp;_nc_oc=Adr0cS9N4wyjfWC9JdNiCMI89FRKuEiwfx7mnbwqY6pjnL74EPw9a0cDQ8Y3EamV2n4&amp;_nc_zt=23&amp;_nc_ht=scontent-cdg4-2.cdninstagram.com&amp;edm=ANo9K5cEAAAA&amp;_nc_gid=laMo7JY-ljpeAefJVtD9Bg&amp;_nc_tpa=Q5bMBQJGkkXMGZJ5jAGUZyhPVXWs68vNS9f5SapfqZptr4ywZw6HBjIp8xCuuRV3DWy-1RuJQb_MRP87Mw&amp;oh=00_AQLT0TEHtkahl4iGWbUvxlhe9FXS7IYtyTQZUHItjFZFUQ&amp;oe=6A9BF066&quot;,&quot;320&quot;:&quot;https:\\\/\\\/scontent-cdg4-2.cdninstagram.com\\\/v\\\/t51.82787-15\\\/761573813_18099002306203112_3556155175502165683_n.jpg?stp=dst-jpg_e35_tt6&amp;_nc_cat=109&amp;ccb=7-5&amp;_nc_sid=18de74&amp;efg=eyJlZmdfdGFnIjoiRkVFRC5iZXN0X2ltYWdlX3VybGdlbi5DMyJ9&amp;_nc_ohc=XnnWkCtV5CsQ7kNvwFP16gX&amp;_nc_oc=Adr0cS9N4wyjfWC9JdNiCMI89FRKuEiwfx7mnbwqY6pjnL74EPw9a0cDQ8Y3EamV2n4&amp;_nc_zt=23&amp;_nc_ht=scontent-cdg4-2.cdninstagram.com&amp;edm=ANo9K5cEAAAA&amp;_nc_gid=laMo7JY-ljpeAefJVtD9Bg&amp;_nc_tpa=Q5bMBQJGkkXMGZJ5jAGUZyhPVXWs68vNS9f5SapfqZptr4ywZw6HBjIp8xCuuRV3DWy-1RuJQb_MRP87Mw&amp;oh=00_AQLT0TEHtkahl4iGWbUvxlhe9FXS7IYtyTQZUHItjFZFUQ&amp;oe=6A9BF066&quot;,&quot;640&quot;:&quot;https:\\\/\\\/scontent-cdg4-2.cdninstagram.com\\\/v\\\/t51.82787-15\\\/761573813_18099002306203112_3556155175502165683_n.jpg?stp=dst-jpg_e35_tt6&amp;_nc_cat=109&amp;ccb=7-5&amp;_nc_sid=18de74&amp;efg=eyJlZmdfdGFnIjoiRkVFRC5iZXN0X2ltYWdlX3VybGdlbi5DMyJ9&amp;_nc_ohc=XnnWkCtV5CsQ7kNvwFP16gX&amp;_nc_oc=Adr0cS9N4wyjfWC9JdNiCMI89FRKuEiwfx7mnbwqY6pjnL74EPw9a0cDQ8Y3EamV2n4&amp;_nc_zt=23&amp;_nc_ht=scontent-cdg4-2.cdninstagram.com&amp;edm=ANo9K5cEAAAA&amp;_nc_gid=laMo7JY-ljpeAefJVtD9Bg&amp;_nc_tpa=Q5bMBQJGkkXMGZJ5jAGUZyhPVXWs68vNS9f5SapfqZptr4ywZw6HBjIp8xCuuRV3DWy-1RuJQb_MRP87Mw&amp;oh=00_AQLT0TEHtkahl4iGWbUvxlhe9FXS7IYtyTQZUHItjFZFUQ&amp;oe=6A9BF066&quot;}\">\n            <span class=\"sbi-screenreader\">A la Pened\u00e8s apostem per la qualitat i el nostre <\/span>\n            \t                    <img decoding=\"async\" src=\"https:\/\/www.lapenedes.cat\/wp-content\/plugins\/instagram-feed\/img\/placeholder.png\" alt=\"A la Pened\u00e8s apostem per la qualitat i el nostre caf\u00e8 \u00e9s de @cafesnovell 100% ar\u00e0bic i org\u00e0nic. La seva tassa equilibrada t&#039;acompanya en cada moment, ja tinguis un dia intens o relaxat. \n\n#cafesnovell #cafeter\u00eda #vilafrancadelpenedes #caf\u00e8 #momento #relaxtime #lapenedes\">\n        <\/a>\n    <\/div>\n<\/div><div class=\"sbi_item sbi_type_image sbi_new sbi_transition\" id=\"sbi_17903757663467269\" data-date=\"1785588105\">\n    <div class=\"sbi_photo_wrap\">\n        <a class=\"sbi_photo\" href=\"https:\/\/www.instagram.com\/p\/Dbf3RQojHHp\/\" target=\"_blank\" rel=\"noopener nofollow\" data-full-res=\"https:\/\/scontent-cdg6-1.cdninstagram.com\/v\/t51.82787-15\/759954570_18098896604203112_8079209024205237997_n.jpg?stp=dst-jpg_e35_tt6&#038;_nc_cat=110&#038;ccb=7-5&#038;_nc_sid=18de74&#038;efg=eyJlZmdfdGFnIjoiRkVFRC5iZXN0X2ltYWdlX3VybGdlbi5DMyJ9&#038;_nc_ohc=b4f8Tjz7oewQ7kNvwHqvLIX&#038;_nc_oc=Adpj6URz3WDUzGei8yrhEUnyPysUI0pFVzJhhhVcvbK_frwwjsNhMYtM4_QN-xzg5dE&#038;_nc_zt=23&#038;_nc_ht=scontent-cdg6-1.cdninstagram.com&#038;edm=ANo9K5cEAAAA&#038;_nc_gid=laMo7JY-ljpeAefJVtD9Bg&#038;_nc_tpa=Q5bMBQIVTsFAPj4WwBQDEd1eWbCGJM7czWTHRbPit8T19WRgUTWltxoQMi7wJKhc5bQTo5yxplerYf6shA&#038;oh=00_AQI3vwAmFSZdk4-cmAwHX9D2ggCzUzCRYr2tuiMSgspCNQ&#038;oe=6A9BEE78\" data-img-src-set=\"{&quot;d&quot;:&quot;https:\\\/\\\/scontent-cdg6-1.cdninstagram.com\\\/v\\\/t51.82787-15\\\/759954570_18098896604203112_8079209024205237997_n.jpg?stp=dst-jpg_e35_tt6&amp;_nc_cat=110&amp;ccb=7-5&amp;_nc_sid=18de74&amp;efg=eyJlZmdfdGFnIjoiRkVFRC5iZXN0X2ltYWdlX3VybGdlbi5DMyJ9&amp;_nc_ohc=b4f8Tjz7oewQ7kNvwHqvLIX&amp;_nc_oc=Adpj6URz3WDUzGei8yrhEUnyPysUI0pFVzJhhhVcvbK_frwwjsNhMYtM4_QN-xzg5dE&amp;_nc_zt=23&amp;_nc_ht=scontent-cdg6-1.cdninstagram.com&amp;edm=ANo9K5cEAAAA&amp;_nc_gid=laMo7JY-ljpeAefJVtD9Bg&amp;_nc_tpa=Q5bMBQIVTsFAPj4WwBQDEd1eWbCGJM7czWTHRbPit8T19WRgUTWltxoQMi7wJKhc5bQTo5yxplerYf6shA&amp;oh=00_AQI3vwAmFSZdk4-cmAwHX9D2ggCzUzCRYr2tuiMSgspCNQ&amp;oe=6A9BEE78&quot;,&quot;150&quot;:&quot;https:\\\/\\\/scontent-cdg6-1.cdninstagram.com\\\/v\\\/t51.82787-15\\\/759954570_18098896604203112_8079209024205237997_n.jpg?stp=dst-jpg_e35_tt6&amp;_nc_cat=110&amp;ccb=7-5&amp;_nc_sid=18de74&amp;efg=eyJlZmdfdGFnIjoiRkVFRC5iZXN0X2ltYWdlX3VybGdlbi5DMyJ9&amp;_nc_ohc=b4f8Tjz7oewQ7kNvwHqvLIX&amp;_nc_oc=Adpj6URz3WDUzGei8yrhEUnyPysUI0pFVzJhhhVcvbK_frwwjsNhMYtM4_QN-xzg5dE&amp;_nc_zt=23&amp;_nc_ht=scontent-cdg6-1.cdninstagram.com&amp;edm=ANo9K5cEAAAA&amp;_nc_gid=laMo7JY-ljpeAefJVtD9Bg&amp;_nc_tpa=Q5bMBQIVTsFAPj4WwBQDEd1eWbCGJM7czWTHRbPit8T19WRgUTWltxoQMi7wJKhc5bQTo5yxplerYf6shA&amp;oh=00_AQI3vwAmFSZdk4-cmAwHX9D2ggCzUzCRYr2tuiMSgspCNQ&amp;oe=6A9BEE78&quot;,&quot;320&quot;:&quot;https:\\\/\\\/scontent-cdg6-1.cdninstagram.com\\\/v\\\/t51.82787-15\\\/759954570_18098896604203112_8079209024205237997_n.jpg?stp=dst-jpg_e35_tt6&amp;_nc_cat=110&amp;ccb=7-5&amp;_nc_sid=18de74&amp;efg=eyJlZmdfdGFnIjoiRkVFRC5iZXN0X2ltYWdlX3VybGdlbi5DMyJ9&amp;_nc_ohc=b4f8Tjz7oewQ7kNvwHqvLIX&amp;_nc_oc=Adpj6URz3WDUzGei8yrhEUnyPysUI0pFVzJhhhVcvbK_frwwjsNhMYtM4_QN-xzg5dE&amp;_nc_zt=23&amp;_nc_ht=scontent-cdg6-1.cdninstagram.com&amp;edm=ANo9K5cEAAAA&amp;_nc_gid=laMo7JY-ljpeAefJVtD9Bg&amp;_nc_tpa=Q5bMBQIVTsFAPj4WwBQDEd1eWbCGJM7czWTHRbPit8T19WRgUTWltxoQMi7wJKhc5bQTo5yxplerYf6shA&amp;oh=00_AQI3vwAmFSZdk4-cmAwHX9D2ggCzUzCRYr2tuiMSgspCNQ&amp;oe=6A9BEE78&quot;,&quot;640&quot;:&quot;https:\\\/\\\/scontent-cdg6-1.cdninstagram.com\\\/v\\\/t51.82787-15\\\/759954570_18098896604203112_8079209024205237997_n.jpg?stp=dst-jpg_e35_tt6&amp;_nc_cat=110&amp;ccb=7-5&amp;_nc_sid=18de74&amp;efg=eyJlZmdfdGFnIjoiRkVFRC5iZXN0X2ltYWdlX3VybGdlbi5DMyJ9&amp;_nc_ohc=b4f8Tjz7oewQ7kNvwHqvLIX&amp;_nc_oc=Adpj6URz3WDUzGei8yrhEUnyPysUI0pFVzJhhhVcvbK_frwwjsNhMYtM4_QN-xzg5dE&amp;_nc_zt=23&amp;_nc_ht=scontent-cdg6-1.cdninstagram.com&amp;edm=ANo9K5cEAAAA&amp;_nc_gid=laMo7JY-ljpeAefJVtD9Bg&amp;_nc_tpa=Q5bMBQIVTsFAPj4WwBQDEd1eWbCGJM7czWTHRbPit8T19WRgUTWltxoQMi7wJKhc5bQTo5yxplerYf6shA&amp;oh=00_AQI3vwAmFSZdk4-cmAwHX9D2ggCzUzCRYr2tuiMSgspCNQ&amp;oe=6A9BEE78&quot;}\">\n            <span class=\"sbi-screenreader\">A la Pened\u00e9s on pots demanar el caf\u00e8 de @cafesno<\/span>\n            \t                    <img decoding=\"async\" src=\"https:\/\/www.lapenedes.cat\/wp-content\/plugins\/instagram-feed\/img\/placeholder.png\" alt=\"A la Pened\u00e9s on pots demanar el caf\u00e8 de @cafesnovell que m\u00e9s et vingui de gust \ud83d\ude0d\n\n\u2615Caf\u00e8 espresso o amb la llet que vulguis\n\n\ud83e\udd5b Llet sencera\n\ud83e\udd63 Beguda de civada\n\ud83e\udedb Beguda de soja\n\ud83e\udd5bLlet Descremada \n\u274cLlet sense lactosa \n\n\ud83e\uddcbCaf\u00e8 frapp\u00e9\n\ud83e\uddcbBomb\u00f3\n\nT&#039;esperem!!\n#cafeteria #cafes #cafesnovell #espresso #vilafrancadelpenedes #restaurantes #esmorzars\">\n        <\/a>\n    <\/div>\n<\/div><div class=\"sbi_item sbi_type_image sbi_new sbi_transition\" id=\"sbi_18149856658488627\" data-date=\"1779644000\">\n    <div class=\"sbi_photo_wrap\">\n        <a class=\"sbi_photo\" href=\"https:\/\/www.instagram.com\/p\/DYutyfGjF8-\/\" target=\"_blank\" rel=\"noopener nofollow\" data-full-res=\"https:\/\/scontent-cdg4-1.cdninstagram.com\/v\/t51.82787-15\/705387393_18091747322203112_9205591751192287843_n.jpg?stp=dst-jpg_e35_tt6&#038;_nc_cat=108&#038;ccb=7-5&#038;_nc_sid=18de74&#038;efg=eyJlZmdfdGFnIjoiRkVFRC5iZXN0X2ltYWdlX3VybGdlbi5DMyJ9&#038;_nc_ohc=Wpblwjd4OK8Q7kNvwET5WjC&#038;_nc_oc=Adq7Y3nrpuJNRaarFrMUi-W6Z0cintKB1tnQn03hSywQ_iSutBC3tvBYy4NMffvHAoo&#038;_nc_zt=23&#038;_nc_ht=scontent-cdg4-1.cdninstagram.com&#038;edm=ANo9K5cEAAAA&#038;_nc_gid=laMo7JY-ljpeAefJVtD9Bg&#038;_nc_tpa=Q5bMBQKJjevBYUet5kQH8Qn_TuAsUUYsczTpH0kSqhfbmCoNq5EPxszIX-q3e4iEyWI0GAGk-2aODdyK5Q&#038;oh=00_AQJhzQddRiWVs-k6rVsZTq0CMqXJw6a4DS-muWpQxj5nHQ&#038;oe=6A9BCF09\" data-img-src-set=\"{&quot;d&quot;:&quot;https:\\\/\\\/scontent-cdg4-1.cdninstagram.com\\\/v\\\/t51.82787-15\\\/705387393_18091747322203112_9205591751192287843_n.jpg?stp=dst-jpg_e35_tt6&amp;_nc_cat=108&amp;ccb=7-5&amp;_nc_sid=18de74&amp;efg=eyJlZmdfdGFnIjoiRkVFRC5iZXN0X2ltYWdlX3VybGdlbi5DMyJ9&amp;_nc_ohc=Wpblwjd4OK8Q7kNvwET5WjC&amp;_nc_oc=Adq7Y3nrpuJNRaarFrMUi-W6Z0cintKB1tnQn03hSywQ_iSutBC3tvBYy4NMffvHAoo&amp;_nc_zt=23&amp;_nc_ht=scontent-cdg4-1.cdninstagram.com&amp;edm=ANo9K5cEAAAA&amp;_nc_gid=laMo7JY-ljpeAefJVtD9Bg&amp;_nc_tpa=Q5bMBQKJjevBYUet5kQH8Qn_TuAsUUYsczTpH0kSqhfbmCoNq5EPxszIX-q3e4iEyWI0GAGk-2aODdyK5Q&amp;oh=00_AQJhzQddRiWVs-k6rVsZTq0CMqXJw6a4DS-muWpQxj5nHQ&amp;oe=6A9BCF09&quot;,&quot;150&quot;:&quot;https:\\\/\\\/scontent-cdg4-1.cdninstagram.com\\\/v\\\/t51.82787-15\\\/705387393_18091747322203112_9205591751192287843_n.jpg?stp=dst-jpg_e35_tt6&amp;_nc_cat=108&amp;ccb=7-5&amp;_nc_sid=18de74&amp;efg=eyJlZmdfdGFnIjoiRkVFRC5iZXN0X2ltYWdlX3VybGdlbi5DMyJ9&amp;_nc_ohc=Wpblwjd4OK8Q7kNvwET5WjC&amp;_nc_oc=Adq7Y3nrpuJNRaarFrMUi-W6Z0cintKB1tnQn03hSywQ_iSutBC3tvBYy4NMffvHAoo&amp;_nc_zt=23&amp;_nc_ht=scontent-cdg4-1.cdninstagram.com&amp;edm=ANo9K5cEAAAA&amp;_nc_gid=laMo7JY-ljpeAefJVtD9Bg&amp;_nc_tpa=Q5bMBQKJjevBYUet5kQH8Qn_TuAsUUYsczTpH0kSqhfbmCoNq5EPxszIX-q3e4iEyWI0GAGk-2aODdyK5Q&amp;oh=00_AQJhzQddRiWVs-k6rVsZTq0CMqXJw6a4DS-muWpQxj5nHQ&amp;oe=6A9BCF09&quot;,&quot;320&quot;:&quot;https:\\\/\\\/scontent-cdg4-1.cdninstagram.com\\\/v\\\/t51.82787-15\\\/705387393_18091747322203112_9205591751192287843_n.jpg?stp=dst-jpg_e35_tt6&amp;_nc_cat=108&amp;ccb=7-5&amp;_nc_sid=18de74&amp;efg=eyJlZmdfdGFnIjoiRkVFRC5iZXN0X2ltYWdlX3VybGdlbi5DMyJ9&amp;_nc_ohc=Wpblwjd4OK8Q7kNvwET5WjC&amp;_nc_oc=Adq7Y3nrpuJNRaarFrMUi-W6Z0cintKB1tnQn03hSywQ_iSutBC3tvBYy4NMffvHAoo&amp;_nc_zt=23&amp;_nc_ht=scontent-cdg4-1.cdninstagram.com&amp;edm=ANo9K5cEAAAA&amp;_nc_gid=laMo7JY-ljpeAefJVtD9Bg&amp;_nc_tpa=Q5bMBQKJjevBYUet5kQH8Qn_TuAsUUYsczTpH0kSqhfbmCoNq5EPxszIX-q3e4iEyWI0GAGk-2aODdyK5Q&amp;oh=00_AQJhzQddRiWVs-k6rVsZTq0CMqXJw6a4DS-muWpQxj5nHQ&amp;oe=6A9BCF09&quot;,&quot;640&quot;:&quot;https:\\\/\\\/scontent-cdg4-1.cdninstagram.com\\\/v\\\/t51.82787-15\\\/705387393_18091747322203112_9205591751192287843_n.jpg?stp=dst-jpg_e35_tt6&amp;_nc_cat=108&amp;ccb=7-5&amp;_nc_sid=18de74&amp;efg=eyJlZmdfdGFnIjoiRkVFRC5iZXN0X2ltYWdlX3VybGdlbi5DMyJ9&amp;_nc_ohc=Wpblwjd4OK8Q7kNvwET5WjC&amp;_nc_oc=Adq7Y3nrpuJNRaarFrMUi-W6Z0cintKB1tnQn03hSywQ_iSutBC3tvBYy4NMffvHAoo&amp;_nc_zt=23&amp;_nc_ht=scontent-cdg4-1.cdninstagram.com&amp;edm=ANo9K5cEAAAA&amp;_nc_gid=laMo7JY-ljpeAefJVtD9Bg&amp;_nc_tpa=Q5bMBQKJjevBYUet5kQH8Qn_TuAsUUYsczTpH0kSqhfbmCoNq5EPxszIX-q3e4iEyWI0GAGk-2aODdyK5Q&amp;oh=00_AQJhzQddRiWVs-k6rVsZTq0CMqXJw6a4DS-muWpQxj5nHQ&amp;oe=6A9BCF09&quot;}\">\n            <span class=\"sbi-screenreader\">OFERTA MIGDIES de 13:00h a 15:30h\nMen\u00fa entrant + <\/span>\n            \t                    <img decoding=\"async\" src=\"https:\/\/www.lapenedes.cat\/wp-content\/plugins\/instagram-feed\/img\/placeholder.png\" alt=\"OFERTA MIGDIES de 13:00h a 15:30h\nMen\u00fa entrant + plat principal + beguda + postre per 13 euros!!\n\n\ud83e\udd57Escull un entrant entre bol d&#039;arr\u00f2s amb verduretes, amanida, llegums, pasta, crema de verdures...\n\ud83e\udd69Escull un plat principal entre carns o peix a la brasa, plats cuinats...\n\ud83c\udf70Escull un postre casol\u00e0 o gelat.\n\ud83c\udf7aInclou la beguda o el caf\u00e8\n\n#menudeldia #platprincipal #menueconomic #ofertamigdia #dinar #restaurant #cafeteria #vilafrancadelpened\u00e8s #lapenedes\">\n        <\/a>\n    <\/div>\n<\/div><div class=\"sbi_item sbi_type_image sbi_new sbi_transition\" id=\"sbi_18144103765360389\" data-date=\"1750338300\">\n    <div class=\"sbi_photo_wrap\">\n        <a class=\"sbi_photo\" href=\"https:\/\/www.instagram.com\/p\/DLFVmhHMjdP\/\" target=\"_blank\" rel=\"noopener nofollow\" data-full-res=\"https:\/\/scontent-cdg4-2.cdninstagram.com\/v\/t51.75761-15\/502568765_18057905147203112_3981675316428789487_n.jpg?stp=dst-jpg_e35_tt6&#038;_nc_cat=101&#038;ccb=7-5&#038;_nc_sid=18de74&#038;efg=eyJlZmdfdGFnIjoiRkVFRC5iZXN0X2ltYWdlX3VybGdlbi5DMyJ9&#038;_nc_ohc=oQnjP3LmHUkQ7kNvwFCr-kU&#038;_nc_oc=AdoiN55TlE4F17DDbM9_yH-bHyPiesd0bf47uu8imB4reVHUiLZe8LhvHULYMj0H07Q&#038;_nc_zt=23&#038;_nc_ht=scontent-cdg4-2.cdninstagram.com&#038;edm=ANo9K5cEAAAA&#038;_nc_gid=laMo7JY-ljpeAefJVtD9Bg&#038;_nc_tpa=Q5bMBQI_hEaov2WPhDJiJJ7NkvhjrlQ76XFrURIjYXG6BiUfOqKxYi31LdMS9vP2j0QdEL4jKv9SjlFwdg&#038;oh=00_AQKd2nG-UW7WUwpVmIV8lKjVkUn9_HO-pAbtoxiYTBVG5Q&#038;oe=6A9BEFD0\" data-img-src-set=\"{&quot;d&quot;:&quot;https:\\\/\\\/scontent-cdg4-2.cdninstagram.com\\\/v\\\/t51.75761-15\\\/502568765_18057905147203112_3981675316428789487_n.jpg?stp=dst-jpg_e35_tt6&amp;_nc_cat=101&amp;ccb=7-5&amp;_nc_sid=18de74&amp;efg=eyJlZmdfdGFnIjoiRkVFRC5iZXN0X2ltYWdlX3VybGdlbi5DMyJ9&amp;_nc_ohc=oQnjP3LmHUkQ7kNvwFCr-kU&amp;_nc_oc=AdoiN55TlE4F17DDbM9_yH-bHyPiesd0bf47uu8imB4reVHUiLZe8LhvHULYMj0H07Q&amp;_nc_zt=23&amp;_nc_ht=scontent-cdg4-2.cdninstagram.com&amp;edm=ANo9K5cEAAAA&amp;_nc_gid=laMo7JY-ljpeAefJVtD9Bg&amp;_nc_tpa=Q5bMBQI_hEaov2WPhDJiJJ7NkvhjrlQ76XFrURIjYXG6BiUfOqKxYi31LdMS9vP2j0QdEL4jKv9SjlFwdg&amp;oh=00_AQKd2nG-UW7WUwpVmIV8lKjVkUn9_HO-pAbtoxiYTBVG5Q&amp;oe=6A9BEFD0&quot;,&quot;150&quot;:&quot;https:\\\/\\\/scontent-cdg4-2.cdninstagram.com\\\/v\\\/t51.75761-15\\\/502568765_18057905147203112_3981675316428789487_n.jpg?stp=dst-jpg_e35_tt6&amp;_nc_cat=101&amp;ccb=7-5&amp;_nc_sid=18de74&amp;efg=eyJlZmdfdGFnIjoiRkVFRC5iZXN0X2ltYWdlX3VybGdlbi5DMyJ9&amp;_nc_ohc=oQnjP3LmHUkQ7kNvwFCr-kU&amp;_nc_oc=AdoiN55TlE4F17DDbM9_yH-bHyPiesd0bf47uu8imB4reVHUiLZe8LhvHULYMj0H07Q&amp;_nc_zt=23&amp;_nc_ht=scontent-cdg4-2.cdninstagram.com&amp;edm=ANo9K5cEAAAA&amp;_nc_gid=laMo7JY-ljpeAefJVtD9Bg&amp;_nc_tpa=Q5bMBQI_hEaov2WPhDJiJJ7NkvhjrlQ76XFrURIjYXG6BiUfOqKxYi31LdMS9vP2j0QdEL4jKv9SjlFwdg&amp;oh=00_AQKd2nG-UW7WUwpVmIV8lKjVkUn9_HO-pAbtoxiYTBVG5Q&amp;oe=6A9BEFD0&quot;,&quot;320&quot;:&quot;https:\\\/\\\/scontent-cdg4-2.cdninstagram.com\\\/v\\\/t51.75761-15\\\/502568765_18057905147203112_3981675316428789487_n.jpg?stp=dst-jpg_e35_tt6&amp;_nc_cat=101&amp;ccb=7-5&amp;_nc_sid=18de74&amp;efg=eyJlZmdfdGFnIjoiRkVFRC5iZXN0X2ltYWdlX3VybGdlbi5DMyJ9&amp;_nc_ohc=oQnjP3LmHUkQ7kNvwFCr-kU&amp;_nc_oc=AdoiN55TlE4F17DDbM9_yH-bHyPiesd0bf47uu8imB4reVHUiLZe8LhvHULYMj0H07Q&amp;_nc_zt=23&amp;_nc_ht=scontent-cdg4-2.cdninstagram.com&amp;edm=ANo9K5cEAAAA&amp;_nc_gid=laMo7JY-ljpeAefJVtD9Bg&amp;_nc_tpa=Q5bMBQI_hEaov2WPhDJiJJ7NkvhjrlQ76XFrURIjYXG6BiUfOqKxYi31LdMS9vP2j0QdEL4jKv9SjlFwdg&amp;oh=00_AQKd2nG-UW7WUwpVmIV8lKjVkUn9_HO-pAbtoxiYTBVG5Q&amp;oe=6A9BEFD0&quot;,&quot;640&quot;:&quot;https:\\\/\\\/scontent-cdg4-2.cdninstagram.com\\\/v\\\/t51.75761-15\\\/502568765_18057905147203112_3981675316428789487_n.jpg?stp=dst-jpg_e35_tt6&amp;_nc_cat=101&amp;ccb=7-5&amp;_nc_sid=18de74&amp;efg=eyJlZmdfdGFnIjoiRkVFRC5iZXN0X2ltYWdlX3VybGdlbi5DMyJ9&amp;_nc_ohc=oQnjP3LmHUkQ7kNvwFCr-kU&amp;_nc_oc=AdoiN55TlE4F17DDbM9_yH-bHyPiesd0bf47uu8imB4reVHUiLZe8LhvHULYMj0H07Q&amp;_nc_zt=23&amp;_nc_ht=scontent-cdg4-2.cdninstagram.com&amp;edm=ANo9K5cEAAAA&amp;_nc_gid=laMo7JY-ljpeAefJVtD9Bg&amp;_nc_tpa=Q5bMBQI_hEaov2WPhDJiJJ7NkvhjrlQ76XFrURIjYXG6BiUfOqKxYi31LdMS9vP2j0QdEL4jKv9SjlFwdg&amp;oh=00_AQKd2nG-UW7WUwpVmIV8lKjVkUn9_HO-pAbtoxiYTBVG5Q&amp;oe=6A9BEFD0&quot;}\">\n            <span class=\"sbi-screenreader\">GILDES! un aperitiu del tot imprescindible!\nJa sig<\/span>\n            \t                    <img decoding=\"async\" src=\"https:\/\/www.lapenedes.cat\/wp-content\/plugins\/instagram-feed\/img\/placeholder.png\" alt=\"GILDES! un aperitiu del tot imprescindible!\nJa sigui amb seitons o amb anxoves, per\u00f2 les dues amb piparres.\n\n\ud83d\ude0a\n\nGILDAS! un aperitivo del todo imprescindible! Ya sea con boquerones o con anchoas, pero las dos con guindilla.\n\n#gildes #gildas #anchoa #anxoves #seitons #boquerones #vermut #piparras #guindilla #caferetia #lapenedes #vilafrancadelpenedes\">\n        <\/a>\n    <\/div>\n<\/div>    <\/div>\n\n\t<div id=\"sbi_load\" >\n\n\t\t\t<a class=\"sbi_load_btn\" href=\"javascript:void(0);\">\n\t\t\t<span class=\"sbi_btn_text\">Veure m\u00e9s<\/span>\n\t\t\t<span class=\"sbi_loader sbi_hidden\" style=\"background-color: rgb(255, 255, 255);\" aria-hidden=\"true\"><\/span>\n\t\t<\/a>\n\t\n\t\t\t<span class=\"sbi_follow_btn sbi_custom\">\n        <a href=\"https:\/\/www.instagram.com\/lapenedes\/\" style=\"background: rgb(229,72,0);\" target=\"_blank\" rel=\"nofollow noopener\">\n            <svg class=\"svg-inline--fa fa-instagram fa-w-14\" aria-hidden=\"true\" data-fa-processed=\"\" aria-label=\"Instagram\" data-prefix=\"fab\" data-icon=\"instagram\" role=\"img\" viewBox=\"0 0 448 512\">\n\t                <path fill=\"currentColor\" d=\"M224.1 141c-63.6 0-114.9 51.3-114.9 114.9s51.3 114.9 114.9 114.9S339 319.5 339 255.9 287.7 141 224.1 141zm0 189.6c-41.1 0-74.7-33.5-74.7-74.7s33.5-74.7 74.7-74.7 74.7 33.5 74.7 74.7-33.6 74.7-74.7 74.7zm146.4-194.3c0 14.9-12 26.8-26.8 26.8-14.9 0-26.8-12-26.8-26.8s12-26.8 26.8-26.8 26.8 12 26.8 26.8zm76.1 27.2c-1.7-35.9-9.9-67.7-36.2-93.9-26.2-26.2-58-34.4-93.9-36.2-37-2.1-147.9-2.1-184.9 0-35.8 1.7-67.6 9.9-93.9 36.1s-34.4 58-36.2 93.9c-2.1 37-2.1 147.9 0 184.9 1.7 35.9 9.9 67.7 36.2 93.9s58 34.4 93.9 36.2c37 2.1 147.9 2.1 184.9 0 35.9-1.7 67.7-9.9 93.9-36.2 26.2-26.2 34.4-58 36.2-93.9 2.1-37 2.1-147.8 0-184.8zM398.8 388c-7.8 19.6-22.9 34.7-42.6 42.6-29.5 11.7-99.5 9-132.1 9s-102.7 2.6-132.1-9c-19.6-7.8-34.7-22.9-42.6-42.6-11.7-29.5-9-99.5-9-132.1s-2.6-102.7 9-132.1c7.8-19.6 22.9-34.7 42.6-42.6 29.5-11.7 99.5-9 132.1-9s102.7-2.6 132.1 9c19.6 7.8 34.7 22.9 42.6 42.6 11.7 29.5 9 99.5 9 132.1s2.7 102.7-9 132.1z\"><\/path>\n\t            <\/svg>            <span>Segueix-nos a Instagram<\/span>\n        <\/a>\n    <\/span>\n\t\n<\/div>\n\n\t    <span class=\"sbi_resized_image_data\" data-feed-id=\"*2\" data-resized=\"{&quot;18144103765360389&quot;:{&quot;id&quot;:&quot;502568765_18057905147203112_3981675316428789487_n&quot;,&quot;ratio&quot;:&quot;1.00&quot;,&quot;sizes&quot;:{&quot;full&quot;:640,&quot;low&quot;:320,&quot;thumb&quot;:150},&quot;extension&quot;:&quot;.jpg&quot;},&quot;18149856658488627&quot;:{&quot;id&quot;:&quot;705387393_18091747322203112_9205591751192287843_n&quot;,&quot;ratio&quot;:&quot;1.00&quot;,&quot;sizes&quot;:{&quot;full&quot;:640,&quot;low&quot;:320,&quot;thumb&quot;:150},&quot;extension&quot;:&quot;.jpg&quot;},&quot;17903757663467269&quot;:{&quot;id&quot;:&quot;759954570_18098896604203112_8079209024205237997_n&quot;,&quot;ratio&quot;:&quot;1.00&quot;,&quot;sizes&quot;:{&quot;full&quot;:640,&quot;low&quot;:320,&quot;thumb&quot;:150},&quot;extension&quot;:&quot;.jpg&quot;},&quot;18035587298820245&quot;:{&quot;id&quot;:&quot;761573813_18099002306203112_3556155175502165683_n&quot;,&quot;ratio&quot;:&quot;1.00&quot;,&quot;sizes&quot;:{&quot;full&quot;:640,&quot;low&quot;:320,&quot;thumb&quot;:150},&quot;extension&quot;:&quot;.jpg&quot;},&quot;17949088488031495&quot;:{&quot;id&quot;:&quot;765158095_18099355625203112_8464240423210473501_n&quot;,&quot;ratio&quot;:&quot;0.80&quot;,&quot;sizes&quot;:{&quot;full&quot;:640,&quot;low&quot;:320,&quot;thumb&quot;:150},&quot;extension&quot;:&quot;.jpg&quot;}}\">\n\t<\/span>\n\t<\/div>\n\n\t<style type=\"text\/css\">\n\t\t\t\t\n\t\t#sb_instagram .sbi_follow_btn a:hover,\n\t\t#sb_instagram .sbi_follow_btn a:focus{\n\t\t\toutline: none;\n\t\t\tbox-shadow: inset 0 0 10px 20px #FF5300;\n\t\t}\n\t\t\t<\/style>\n\t\n<p>[\/et_pb_text][\/et_pb_column][\/et_pb_row][\/et_pb_section]<\/p>\n","protected":false},"excerpt":{"rendered":"<p>Cafeter\u00edaRestauranteLa Pened\u00e8sNuestros clientes han disfrutado de nuestros desayunos y almuerzos desde el a\u00f1o 1991.Nuestro equipo se esmera cada d\u00eda para prepararle recetas caseras y de proximidad. Desayunos de tenedor y brasa, bocadillos r\u00fasticos y de pay\u00e9s, tapas, ensaladas, pasta, carnes y pescados. Haga su reserva de grupo tanto para desayunos como celebraciones para comer. Los [&hellip;]<\/p>\n","protected":false},"author":1,"featured_media":0,"parent":0,"menu_order":0,"comment_status":"closed","ping_status":"closed","template":"","meta":{"_et_pb_use_builder":"on","_et_pb_old_content":"","_et_gb_content_width":"","rank_math_lock_modified_date":false,"footnotes":""},"class_list":["post-788","page","type-page","status-publish","hentry"],"_links":{"self":[{"href":"https:\/\/www.lapenedes.cat\/es\/wp-json\/wp\/v2\/pages\/788"}],"collection":[{"href":"https:\/\/www.lapenedes.cat\/es\/wp-json\/wp\/v2\/pages"}],"about":[{"href":"https:\/\/www.lapenedes.cat\/es\/wp-json\/wp\/v2\/types\/page"}],"author":[{"embeddable":true,"href":"https:\/\/www.lapenedes.cat\/es\/wp-json\/wp\/v2\/users\/1"}],"replies":[{"embeddable":true,"href":"https:\/\/www.lapenedes.cat\/es\/wp-json\/wp\/v2\/comments?post=788"}],"version-history":[{"count":14,"href":"https:\/\/www.lapenedes.cat\/es\/wp-json\/wp\/v2\/pages\/788\/revisions"}],"predecessor-version":[{"id":5716,"href":"https:\/\/www.lapenedes.cat\/es\/wp-json\/wp\/v2\/pages\/788\/revisions\/5716"}],"wp:attachment":[{"href":"https:\/\/www.lapenedes.cat\/es\/wp-json\/wp\/v2\/media?parent=788"}],"curies":[{"name":"wp","href":"https:\/\/api.w.org\/{rel}","templated":true}]}}